{"id":263,"date":"2023-10-10T19:30:31","date_gmt":"2023-10-10T19:30:31","guid":{"rendered":"http:\/\/fesusepitesz.hu\/?page_id=263"},"modified":"2024-01-25T14:45:53","modified_gmt":"2024-01-25T14:45:53","slug":"tervezok","status":"publish","type":"page","link":"https:\/\/fesusepitesz.hu\/index.php\/tervezok\/","title":{"rendered":"Tervez\u0151k"},"content":{"rendered":"\t\t<div data-elementor-type=\"wp-page\" data-elementor-id=\"263\" class=\"elementor elementor-263\" data-elementor-post-type=\"page\">\n\t\t\t\t\t\t\t\t\t<section class=\"elementor-section elementor-top-section elementor-element elementor-element-11b60bf6 elementor-section-height-min-height elementor-hidden-mobile elementor-section-boxed elementor-section-height-default elementor-section-items-middle\" data-id=\"11b60bf6\" data-element_type=\"section\" data-settings=\"{&quot;background_background&quot;:&quot;classic&quot;,&quot;background_motion_fx_motion_fx_mouse&quot;:&quot;yes&quot;,&quot;background_motion_fx_mouseTrack_effect&quot;:&quot;yes&quot;,&quot;background_motion_fx_mouseTrack_direction&quot;:&quot;negative&quot;,&quot;background_motion_fx_mouseTrack_speed&quot;:{&quot;unit&quot;:&quot;px&quot;,&quot;size&quot;:0.1,&quot;sizes&quot;:[]}}\">\n\t\t\t\t\t\t<div class=\"elementor-container elementor-column-gap-no\">\n\t\t\t\t\t<div class=\"elementor-column elementor-col-100 elementor-top-column elementor-element elementor-element-059942c\" data-id=\"059942c\" data-element_type=\"column\">\n\t\t\t<div class=\"elementor-widget-wrap elementor-element-populated\">\n\t\t\t\t\t\t\t\t<div class=\"elementor-element elementor-element-d27989d elementor-widget elementor-widget-image\" data-id=\"d27989d\" data-element_type=\"widget\" data-widget_type=\"image.default\">\n\t\t\t\t<div class=\"elementor-widget-container\">\n\t\t\t<style>\/*! elementor - v3.18.0 - 20-12-2023 *\/\n.elementor-widget-image{text-align:center}.elementor-widget-image a{display:inline-block}.elementor-widget-image a img[src$=\".svg\"]{width:48px}.elementor-widget-image img{vertical-align:middle;display:inline-block}<\/style>\t\t\t\t\t\t\t\t\t\t\t\t<img fetchpriority=\"high\" decoding=\"async\" width=\"1024\" height=\"768\" src=\"https:\/\/fesusepitesz.hu\/wp-content\/uploads\/2023\/12\/Ceges_foto-1024x768.jpg\" class=\"attachment-large size-large wp-image-1732\" alt=\"\" srcset=\"https:\/\/fesusepitesz.hu\/wp-content\/uploads\/2023\/12\/Ceges_foto-1024x768.jpg 1024w, https:\/\/fesusepitesz.hu\/wp-content\/uploads\/2023\/12\/Ceges_foto-300x225.jpg 300w, https:\/\/fesusepitesz.hu\/wp-content\/uploads\/2023\/12\/Ceges_foto-768x576.jpg 768w, https:\/\/fesusepitesz.hu\/wp-content\/uploads\/2023\/12\/Ceges_foto-1536x1152.jpg 1536w, https:\/\/fesusepitesz.hu\/wp-content\/uploads\/2023\/12\/Ceges_foto-2048x1536.jpg 2048w\" sizes=\"(max-width: 1024px) 100vw, 1024px\" \/>\t\t\t\t\t\t\t\t\t\t\t\t\t\t\t<\/div>\n\t\t\t\t<\/div>\n\t\t\t\t\t<\/div>\n\t\t<\/div>\n\t\t\t\t\t\t\t<\/div>\n\t\t<\/section>\n\t\t\t\t<section class=\"elementor-section elementor-top-section elementor-element elementor-element-fc81855 elementor-section-height-min-height elementor-hidden-mobile elementor-section-boxed elementor-section-height-default elementor-section-items-middle\" data-id=\"fc81855\" data-element_type=\"section\" data-settings=\"{&quot;background_background&quot;:&quot;classic&quot;,&quot;background_motion_fx_motion_fx_mouse&quot;:&quot;yes&quot;,&quot;background_motion_fx_mouseTrack_effect&quot;:&quot;yes&quot;,&quot;background_motion_fx_mouseTrack_direction&quot;:&quot;negative&quot;,&quot;background_motion_fx_mouseTrack_speed&quot;:{&quot;unit&quot;:&quot;px&quot;,&quot;size&quot;:0.1,&quot;sizes&quot;:[]}}\">\n\t\t\t\t\t\t<div class=\"elementor-container elementor-column-gap-no\">\n\t\t\t\t\t<div class=\"elementor-column elementor-col-33 elementor-top-column elementor-element elementor-element-c4572b6 side animated-slow elementor-invisible\" data-id=\"c4572b6\" data-element_type=\"column\" data-settings=\"{&quot;animation&quot;:&quot;fadeInUp&quot;,&quot;animation_delay&quot;:100,&quot;motion_fx_motion_fx_scrolling&quot;:&quot;yes&quot;,&quot;animation_mobile&quot;:&quot;none&quot;,&quot;motion_fx_devices&quot;:[&quot;desktop&quot;,&quot;tablet&quot;,&quot;mobile&quot;]}\">\n\t\t\t<div class=\"elementor-widget-wrap elementor-element-populated\">\n\t\t\t\t\t\t\t\t<div class=\"elementor-element elementor-element-ecb121a elementor-widget elementor-widget-image-box\" data-id=\"ecb121a\" data-element_type=\"widget\" data-widget_type=\"image-box.default\">\n\t\t\t\t<div class=\"elementor-widget-container\">\n\t\t\t<style>\/*! elementor - v3.18.0 - 20-12-2023 *\/\n.elementor-widget-image-box .elementor-image-box-content{width:100%}@media (min-width:768px){.elementor-widget-image-box.elementor-position-left .elementor-image-box-wrapper,.elementor-widget-image-box.elementor-position-right .elementor-image-box-wrapper{display:flex}.elementor-widget-image-box.elementor-position-right .elementor-image-box-wrapper{text-align:right;flex-direction:row-reverse}.elementor-widget-image-box.elementor-position-left .elementor-image-box-wrapper{text-align:left;flex-direction:row}.elementor-widget-image-box.elementor-position-top .elementor-image-box-img{margin:auto}.elementor-widget-image-box.elementor-vertical-align-top .elementor-image-box-wrapper{align-items:flex-start}.elementor-widget-image-box.elementor-vertical-align-middle .elementor-image-box-wrapper{align-items:center}.elementor-widget-image-box.elementor-vertical-align-bottom .elementor-image-box-wrapper{align-items:flex-end}}@media (max-width:767px){.elementor-widget-image-box .elementor-image-box-img{margin-left:auto!important;margin-right:auto!important;margin-bottom:15px}}.elementor-widget-image-box .elementor-image-box-img{display:inline-block}.elementor-widget-image-box .elementor-image-box-title a{color:inherit}.elementor-widget-image-box .elementor-image-box-wrapper{text-align:center}.elementor-widget-image-box .elementor-image-box-description{margin:0}<\/style><div class=\"elementor-image-box-wrapper\"><div class=\"elementor-image-box-content\"><h3 class=\"elementor-image-box-title\">Mez\u0151fi Di\u00e1na<\/h3><p class=\"elementor-image-box-description\">Okleveles tervez\u0151 \u00e9p\u00edt\u00e9szm\u00e9rn\u00f6k<\/p><\/div><\/div>\t\t<\/div>\n\t\t\t\t<\/div>\n\t\t\t\t<div class=\"elementor-element elementor-element-c38883d elementor-widget elementor-widget-text-editor\" data-id=\"c38883d\" data-element_type=\"widget\" data-widget_type=\"text-editor.default\">\n\t\t\t\t<div class=\"elementor-widget-container\">\n\t\t\t<style>\/*! elementor - v3.18.0 - 20-12-2023 *\/\n.elementor-widget-text-editor.elementor-drop-cap-view-stacked .elementor-drop-cap{background-color:#69727d;color:#fff}.elementor-widget-text-editor.elementor-drop-cap-view-framed .elementor-drop-cap{color:#69727d;border:3px solid;background-color:transparent}.elementor-widget-text-editor:not(.elementor-drop-cap-view-default) .elementor-drop-cap{margin-top:8px}.elementor-widget-text-editor:not(.elementor-drop-cap-view-default) .elementor-drop-cap-letter{width:1em;height:1em}.elementor-widget-text-editor .elementor-drop-cap{float:left;text-align:center;line-height:1;font-size:50px}.elementor-widget-text-editor .elementor-drop-cap-letter{display:inline-block}<\/style>\t\t\t\t<div>2015-2017 Debreceni Egyetem M\u0171szaki Kar, Debrecen &#8211; Tervez\u0151 \u00e9p\u00edt\u00e9szm\u00e9rn\u00f6k MSc mesterszak<\/div><div>2010-2014 Debreceni Egyetem M\u0171szaki Kar, Debrecen &#8211; \u00c9p\u00edt\u00e9szm\u00e9rn\u00f6ki BSc alapszak<\/div>\t\t\t\t\t\t<\/div>\n\t\t\t\t<\/div>\n\t\t\t\t\t<\/div>\n\t\t<\/div>\n\t\t\t\t<div class=\"elementor-column elementor-col-33 elementor-top-column elementor-element elementor-element-f3689fb animated-slow elementor-invisible\" data-id=\"f3689fb\" data-element_type=\"column\" data-settings=\"{&quot;animation&quot;:&quot;fadeInUp&quot;,&quot;animation_mobile&quot;:&quot;none&quot;}\">\n\t\t\t<div class=\"elementor-widget-wrap elementor-element-populated\">\n\t\t\t\t\t\t\t\t<div class=\"elementor-element elementor-element-172c684 elementor-widget elementor-widget-image-box\" data-id=\"172c684\" data-element_type=\"widget\" data-widget_type=\"image-box.default\">\n\t\t\t\t<div class=\"elementor-widget-container\">\n\t\t\t<div class=\"elementor-image-box-wrapper\"><div class=\"elementor-image-box-content\"><h3 class=\"elementor-image-box-title\">F\u00e9s\u00fcs P\u00e9ter<\/h3><p class=\"elementor-image-box-description\">Tulajdonos, \u00fcgyvezet\u0151, felel\u0151s tervez\u0151<\/p><\/div><\/div>\t\t<\/div>\n\t\t\t\t<\/div>\n\t\t\t\t<div class=\"elementor-element elementor-element-9d50faf elementor-widget elementor-widget-text-editor\" data-id=\"9d50faf\" data-element_type=\"widget\" data-widget_type=\"text-editor.default\">\n\t\t\t\t<div class=\"elementor-widget-container\">\n\t\t\t\t\t\t\t<p>okleveles \u00e9p\u00edt\u00e9szm\u00e9rn\u00f6k, n\u00edv\u00f3d\u00edjas \u00e9p\u00edt\u00e9sz\u00a0<br \/>Kamarai sz\u00e1m: \u00c9-1 09-0137\u00a0<br \/>&#8211; 1997 Budapesti M\u0171szaki Egyetem \u2013 okleveles \u00e9p\u00edt\u00e9szm\u00e9rn\u00f6k\u00a0<br \/>&#8211; 1992 Ybl Mikl\u00f3s M\u0171szaki F\u0151iskola \u2013 magas\u00e9p\u00edt\u0151 \u00fczemm\u00e9rn\u00f6k\u00a0<br \/>&#8211; 2008 \u00f3ta a Debrecen Megyei Jog\u00fa V\u00e1ros \u00c9p\u00edt\u00e9szeti-M\u0171szaki Tervtan\u00e1cs\u00e1nak tagja\u00a0<br \/>&#8211; \u201eAz \u00e9v lak\u00f3h\u00e1za 2002\u201d \u2013 megyei \u00e9p\u00edt\u00e9szeti n\u00edv\u00f3d\u00edj\u00a0<br \/>&#8211; 2012 m\u0171szaki ellen\u0151ri jogosults\u00e1g megszerz\u00e9se\u00a0<br \/>&#8211; 2004 felel\u0151s m\u0171szaki vezet\u0151i jogosults\u00e1g megszerz\u00e9se\u00a0<\/p>\t\t\t\t\t\t<\/div>\n\t\t\t\t<\/div>\n\t\t\t\t\t<\/div>\n\t\t<\/div>\n\t\t\t\t<div class=\"elementor-column elementor-col-33 elementor-top-column elementor-element elementor-element-c132f29 side animated-slow elementor-invisible\" data-id=\"c132f29\" data-element_type=\"column\" data-settings=\"{&quot;animation&quot;:&quot;fadeInUp&quot;,&quot;animation_delay&quot;:200,&quot;motion_fx_motion_fx_scrolling&quot;:&quot;yes&quot;,&quot;animation_mobile&quot;:&quot;none&quot;,&quot;motion_fx_devices&quot;:[&quot;desktop&quot;,&quot;tablet&quot;,&quot;mobile&quot;]}\">\n\t\t\t<div class=\"elementor-widget-wrap elementor-element-populated\">\n\t\t\t\t\t\t\t\t<div class=\"elementor-element elementor-element-f2dd3b5 elementor-widget elementor-widget-image-box\" data-id=\"f2dd3b5\" data-element_type=\"widget\" data-widget_type=\"image-box.default\">\n\t\t\t\t<div class=\"elementor-widget-container\">\n\t\t\t<div class=\"elementor-image-box-wrapper\"><div class=\"elementor-image-box-content\"><h3 class=\"elementor-image-box-title\">R\u00e1cz \u00c1ron Zolt\u00e1n<\/h3><p class=\"elementor-image-box-description\">Okleveles tervez\u0151 \u00e9p\u00edt\u00e9szm\u00e9rn\u00f6k<\/p><\/div><\/div>\t\t<\/div>\n\t\t\t\t<\/div>\n\t\t\t\t<div class=\"elementor-element elementor-element-94820f4 elementor-widget elementor-widget-text-editor\" data-id=\"94820f4\" data-element_type=\"widget\" data-widget_type=\"text-editor.default\">\n\t\t\t\t<div class=\"elementor-widget-container\">\n\t\t\t\t\t\t\t<div>2013-2015 Debreceni Egyetem M\u0171szaki Kar, Debrecen &#8211; Tervez\u0151 \u00e9p\u00edt\u00e9szm\u00e9rn\u00f6k MSc mesterszak<\/div><div>2009-2013 Debreceni Egyetem M\u0171szaki Kar, Debrecen &#8211; \u00c9p\u00edt\u00e9szm\u00e9rn\u00f6ki BSc alapszak<\/div>\t\t\t\t\t\t<\/div>\n\t\t\t\t<\/div>\n\t\t\t\t\t<\/div>\n\t\t<\/div>\n\t\t\t\t\t\t\t<\/div>\n\t\t<\/section>\n\t\t\t\t<section class=\"elementor-section elementor-top-section elementor-element elementor-element-b68c6e8 elementor-section-height-min-height elementor-hidden-desktop elementor-hidden-tablet elementor-section-boxed elementor-section-height-default elementor-section-items-middle\" data-id=\"b68c6e8\" data-element_type=\"section\" data-settings=\"{&quot;background_background&quot;:&quot;classic&quot;,&quot;background_motion_fx_motion_fx_mouse&quot;:&quot;yes&quot;,&quot;background_motion_fx_mouseTrack_effect&quot;:&quot;yes&quot;,&quot;background_motion_fx_mouseTrack_direction&quot;:&quot;negative&quot;,&quot;background_motion_fx_mouseTrack_speed&quot;:{&quot;unit&quot;:&quot;px&quot;,&quot;size&quot;:0.1,&quot;sizes&quot;:[]}}\">\n\t\t\t\t\t\t<div class=\"elementor-container elementor-column-gap-no\">\n\t\t\t\t\t<div class=\"elementor-column elementor-col-33 elementor-top-column elementor-element elementor-element-736fc4d animated-slow elementor-invisible\" data-id=\"736fc4d\" data-element_type=\"column\" id=\"glass\" data-settings=\"{&quot;animation&quot;:&quot;fadeInUp&quot;,&quot;animation_mobile&quot;:&quot;none&quot;}\">\n\t\t\t<div class=\"elementor-widget-wrap elementor-element-populated\">\n\t\t\t\t\t\t\t\t<div class=\"elementor-element elementor-element-7a7041f elementor-widget elementor-widget-image-box\" data-id=\"7a7041f\" data-element_type=\"widget\" data-widget_type=\"image-box.default\">\n\t\t\t\t<div class=\"elementor-widget-container\">\n\t\t\t<div class=\"elementor-image-box-wrapper\"><div class=\"elementor-image-box-content\"><h3 class=\"elementor-image-box-title\">F\u00e9s\u00fcs P\u00e9ter<\/h3><p class=\"elementor-image-box-description\">Tulajdonos, \u00fcgyvezet\u0151, felel\u0151s tervez\u0151<\/p><\/div><\/div>\t\t<\/div>\n\t\t\t\t<\/div>\n\t\t\t\t<div class=\"elementor-element elementor-element-f0c301f elementor-widget elementor-widget-text-editor\" data-id=\"f0c301f\" data-element_type=\"widget\" data-widget_type=\"text-editor.default\">\n\t\t\t\t<div class=\"elementor-widget-container\">\n\t\t\t\t\t\t\t<p>okleveles \u00e9p\u00edt\u00e9szm\u00e9rn\u00f6k, n\u00edv\u00f3d\u00edjas \u00e9p\u00edt\u00e9sz\u00a0<br \/>Kamarai sz\u00e1m: \u00c9-1 09-0137\u00a0<br \/>&#8211; 1997 Budapesti M\u0171szaki Egyetem \u2013 okleveles \u00e9p\u00edt\u00e9szm\u00e9rn\u00f6k\u00a0<br \/>&#8211; 1992 Ybl Mikl\u00f3s M\u0171szaki F\u0151iskola \u2013 magas\u00e9p\u00edt\u0151 \u00fczemm\u00e9rn\u00f6k\u00a0<br \/>&#8211; 2008 \u00f3ta a Debrecen Megyei Jog\u00fa V\u00e1ros \u00c9p\u00edt\u00e9szeti-M\u0171szaki Tervtan\u00e1cs\u00e1nak tagja\u00a0<br \/>&#8211; \u201eAz \u00e9v lak\u00f3h\u00e1za 2002\u201d \u2013 megyei \u00e9p\u00edt\u00e9szeti n\u00edv\u00f3d\u00edj\u00a0<br \/>&#8211; 2012 m\u0171szaki ellen\u0151ri jogosults\u00e1g megszerz\u00e9se\u00a0<br \/>&#8211; 2004 felel\u0151s m\u0171szaki vezet\u0151i jogosults\u00e1g megszerz\u00e9se\u00a0<\/p>\t\t\t\t\t\t<\/div>\n\t\t\t\t<\/div>\n\t\t\t\t\t<\/div>\n\t\t<\/div>\n\t\t\t\t<div class=\"elementor-column elementor-col-33 elementor-top-column elementor-element elementor-element-e5437cd side animated-slow elementor-invisible\" data-id=\"e5437cd\" data-element_type=\"column\" id=\"glass\" data-settings=\"{&quot;animation&quot;:&quot;fadeInUp&quot;,&quot;animation_delay&quot;:100,&quot;motion_fx_motion_fx_scrolling&quot;:&quot;yes&quot;,&quot;animation_mobile&quot;:&quot;none&quot;,&quot;motion_fx_devices&quot;:[&quot;desktop&quot;,&quot;tablet&quot;,&quot;mobile&quot;]}\">\n\t\t\t<div class=\"elementor-widget-wrap elementor-element-populated\">\n\t\t\t\t\t\t\t\t<div class=\"elementor-element elementor-element-ec36a97 elementor-widget elementor-widget-image-box\" data-id=\"ec36a97\" data-element_type=\"widget\" data-widget_type=\"image-box.default\">\n\t\t\t\t<div class=\"elementor-widget-container\">\n\t\t\t<div class=\"elementor-image-box-wrapper\"><div class=\"elementor-image-box-content\"><h3 class=\"elementor-image-box-title\">Mez\u0151fi Di\u00e1na<\/h3><p class=\"elementor-image-box-description\">Okleveles tervez\u0151 \u00e9p\u00edt\u00e9szm\u00e9rn\u00f6k<\/p><\/div><\/div>\t\t<\/div>\n\t\t\t\t<\/div>\n\t\t\t\t<div class=\"elementor-element elementor-element-f2e4b3f elementor-widget elementor-widget-text-editor\" data-id=\"f2e4b3f\" data-element_type=\"widget\" data-widget_type=\"text-editor.default\">\n\t\t\t\t<div class=\"elementor-widget-container\">\n\t\t\t\t\t\t\t<div>2015-2017 Debreceni Egyetem M\u0171szaki Kar, Debrecen &#8211; Tervez\u0151 \u00e9p\u00edt\u00e9szm\u00e9rn\u00f6k MSc mesterszak<\/div><div>2010-2014 Debreceni Egyetem M\u0171szaki Kar, Debrecen &#8211; \u00c9p\u00edt\u00e9szm\u00e9rn\u00f6ki BSc alapszak<\/div>\t\t\t\t\t\t<\/div>\n\t\t\t\t<\/div>\n\t\t\t\t\t<\/div>\n\t\t<\/div>\n\t\t\t\t<div class=\"elementor-column elementor-col-33 elementor-top-column elementor-element elementor-element-3c864b6 side animated-slow elementor-invisible\" data-id=\"3c864b6\" data-element_type=\"column\" id=\"glass\" data-settings=\"{&quot;animation&quot;:&quot;fadeInUp&quot;,&quot;animation_delay&quot;:200,&quot;motion_fx_motion_fx_scrolling&quot;:&quot;yes&quot;,&quot;animation_mobile&quot;:&quot;none&quot;,&quot;motion_fx_devices&quot;:[&quot;desktop&quot;,&quot;tablet&quot;,&quot;mobile&quot;]}\">\n\t\t\t<div class=\"elementor-widget-wrap elementor-element-populated\">\n\t\t\t\t\t\t\t\t<div class=\"elementor-element elementor-element-4ec4870 elementor-widget elementor-widget-image-box\" data-id=\"4ec4870\" data-element_type=\"widget\" data-widget_type=\"image-box.default\">\n\t\t\t\t<div class=\"elementor-widget-container\">\n\t\t\t<div class=\"elementor-image-box-wrapper\"><div class=\"elementor-image-box-content\"><h3 class=\"elementor-image-box-title\">R\u00e1cz \u00c1ron Zolt\u00e1n<\/h3><p class=\"elementor-image-box-description\">Okleveles tervez\u0151 \u00e9p\u00edt\u00e9szm\u00e9rn\u00f6k<\/p><\/div><\/div>\t\t<\/div>\n\t\t\t\t<\/div>\n\t\t\t\t<div class=\"elementor-element elementor-element-06f316e elementor-widget elementor-widget-text-editor\" data-id=\"06f316e\" data-element_type=\"widget\" data-widget_type=\"text-editor.default\">\n\t\t\t\t<div class=\"elementor-widget-container\">\n\t\t\t\t\t\t\t<div>2013-2015 Debreceni Egyetem M\u0171szaki Kar, Debrecen &#8211; Tervez\u0151 \u00e9p\u00edt\u00e9szm\u00e9rn\u00f6k MSc mesterszak<\/div><div>2009-2013 Debreceni Egyetem M\u0171szaki Kar, Debrecen &#8211; \u00c9p\u00edt\u00e9szm\u00e9rn\u00f6ki BSc alapszak<\/div>\t\t\t\t\t\t<\/div>\n\t\t\t\t<\/div>\n\t\t\t\t\t<\/div>\n\t\t<\/div>\n\t\t\t\t\t\t\t<\/div>\n\t\t<\/section>\n\t\t\t\t<section class=\"elementor-section elementor-top-section elementor-element elementor-element-7d16743 elementor-section-content-middle elementor-section-boxed elementor-section-height-default elementor-section-height-default\" data-id=\"7d16743\" data-element_type=\"section\">\n\t\t\t\t\t\t<div class=\"elementor-container elementor-column-gap-no\">\n\t\t\t\t\t<div class=\"elementor-column elementor-col-33 elementor-top-column elementor-element elementor-element-1bf7054 side3 animated-slow elementor-invisible\" data-id=\"1bf7054\" data-element_type=\"column\" id=\"glass\" data-settings=\"{&quot;animation&quot;:&quot;fadeInUp&quot;,&quot;animation_delay&quot;:300,&quot;motion_fx_motion_fx_scrolling&quot;:&quot;yes&quot;,&quot;animation_mobile&quot;:&quot;none&quot;,&quot;motion_fx_devices&quot;:[&quot;desktop&quot;,&quot;tablet&quot;,&quot;mobile&quot;]}\">\n\t\t\t<div class=\"elementor-widget-wrap elementor-element-populated\">\n\t\t\t\t\t\t\t\t<div class=\"elementor-element elementor-element-d1971b6 elementor-widget elementor-widget-image-box\" data-id=\"d1971b6\" data-element_type=\"widget\" data-widget_type=\"image-box.default\">\n\t\t\t\t<div class=\"elementor-widget-container\">\n\t\t\t<div class=\"elementor-image-box-wrapper\"><div class=\"elementor-image-box-content\"><h3 class=\"elementor-image-box-title\">T\u00f3th L\u00e1szl\u00f3<\/h3><p class=\"elementor-image-box-description\">Tervez\u0151 <\/p><\/div><\/div>\t\t<\/div>\n\t\t\t\t<\/div>\n\t\t\t\t<div class=\"elementor-element elementor-element-c7f0221 elementor-widget elementor-widget-text-editor\" data-id=\"c7f0221\" data-element_type=\"widget\" data-widget_type=\"text-editor.default\">\n\t\t\t\t<div class=\"elementor-widget-container\">\n\t\t\t\t\t\t\t<p>Kamarai sz\u00e1m: \u00c9 04-0246\u00a0<br \/>&#8211; 2000 Budapesti M\u0171szaki Egyetem \u2013 okleveles \u00e9p\u00edt\u00e9szm\u00e9rn\u00f6k<\/p>\t\t\t\t\t\t<\/div>\n\t\t\t\t<\/div>\n\t\t\t\t\t<\/div>\n\t\t<\/div>\n\t\t\t\t<div class=\"elementor-column elementor-col-33 elementor-top-column elementor-element elementor-element-5e6ce09\" data-id=\"5e6ce09\" data-element_type=\"column\">\n\t\t\t<div class=\"elementor-widget-wrap\">\n\t\t\t\t\t\t\t\t\t<\/div>\n\t\t<\/div>\n\t\t\t\t<div class=\"elementor-column elementor-col-33 elementor-top-column elementor-element elementor-element-b9bcfdb side2 animated-slow elementor-invisible\" data-id=\"b9bcfdb\" data-element_type=\"column\" id=\"glass\" data-settings=\"{&quot;animation&quot;:&quot;fadeInUp&quot;,&quot;animation_delay&quot;:400,&quot;motion_fx_motion_fx_scrolling&quot;:&quot;yes&quot;,&quot;animation_mobile&quot;:&quot;none&quot;,&quot;motion_fx_devices&quot;:[&quot;desktop&quot;,&quot;tablet&quot;,&quot;mobile&quot;]}\">\n\t\t\t<div class=\"elementor-widget-wrap elementor-element-populated\">\n\t\t\t\t\t\t\t\t<div class=\"elementor-element elementor-element-f9ac979 elementor-widget elementor-widget-image-box\" data-id=\"f9ac979\" data-element_type=\"widget\" data-widget_type=\"image-box.default\">\n\t\t\t\t<div class=\"elementor-widget-container\">\n\t\t\t<div class=\"elementor-image-box-wrapper\"><div class=\"elementor-image-box-content\"><h3 class=\"elementor-image-box-title\">T\u00f3th D\u00e1niel<\/h3><p class=\"elementor-image-box-description\">Adminisztr\u00e1tor, szerkeszt\u0151 \u00e9p\u00edt\u00e9szm\u00e9rn\u00f6k <\/p><\/div><\/div>\t\t<\/div>\n\t\t\t\t<\/div>\n\t\t\t\t<div class=\"elementor-element elementor-element-919f29a elementor-widget elementor-widget-text-editor\" data-id=\"919f29a\" data-element_type=\"widget\" data-widget_type=\"text-editor.default\">\n\t\t\t\t<div class=\"elementor-widget-container\">\n\t\t\t\t\t\t\t<p>&#8211; 2002 Ybl Mikl\u00f3s M\u0171szaki F\u0151iskola \u2013 \u00e9p\u00edt\u00e9szm\u00e9rn\u00f6k\u00a0<br \/>&#8211; 2012 m\u0171szaki ellen\u0151ri jogosults\u00e1g megszerz\u00e9se\u00a0<br \/>&#8211; 2012 felel\u0151s m\u0171szaki vezet\u0151i jogosults\u00e1g megszerz\u00e9se<\/p>\t\t\t\t\t\t<\/div>\n\t\t\t\t<\/div>\n\t\t\t\t\t<\/div>\n\t\t<\/div>\n\t\t\t\t\t\t\t<\/div>\n\t\t<\/section>\n\t\t\t\t<section class=\"elementor-section elementor-top-section elementor-element elementor-element-c73f22d elementor-section-boxed elementor-section-height-default elementor-section-height-default\" data-id=\"c73f22d\" data-element_type=\"section\">\n\t\t\t\t\t\t<div class=\"elementor-container elementor-column-gap-default\">\n\t\t\t\t\t<div class=\"elementor-column elementor-col-100 elementor-top-column elementor-element elementor-element-39fe747\" data-id=\"39fe747\" data-element_type=\"column\">\n\t\t\t<div class=\"elementor-widget-wrap\">\n\t\t\t\t\t\t\t\t\t<\/div>\n\t\t<\/div>\n\t\t\t\t\t\t\t<\/div>\n\t\t<\/section>\n\t\t\t\t\t\t\t<\/div>\n\t\t","protected":false},"excerpt":{"rendered":"<p>Mez\u0151fi Di\u00e1na Okleveles tervez\u0151 \u00e9p\u00edt\u00e9szm\u00e9rn\u00f6k 2015-2017 Debreceni Egyetem M\u0171szaki Kar, Debrecen &#8211; Tervez\u0151 \u00e9p\u00edt\u00e9szm\u00e9rn\u00f6k MSc mesterszak2010-2014 Debreceni Egyetem M\u0171szaki Kar, Debrecen &#8211; \u00c9p\u00edt\u00e9szm\u00e9rn\u00f6ki BSc alapszak F\u00e9s\u00fcs P\u00e9ter Tulajdonos, \u00fcgyvezet\u0151, felel\u0151s tervez\u0151 okleveles \u00e9p\u00edt\u00e9szm\u00e9rn\u00f6k, n\u00edv\u00f3d\u00edjas \u00e9p\u00edt\u00e9sz\u00a0Kamarai sz\u00e1m: \u00c9-1 09-0137\u00a0&#8211; 1997 Budapesti M\u0171szaki Egyetem \u2013 okleveles \u00e9p\u00edt\u00e9szm\u00e9rn\u00f6k\u00a0&#8211; 1992 Ybl Mikl\u00f3s M\u0171szaki F\u0151iskola \u2013 magas\u00e9p\u00edt\u0151 \u00fczemm\u00e9rn\u00f6k\u00a0&#8211; 2008 \u00f3ta&hellip;&nbsp;<a href=\"https:\/\/fesusepitesz.hu\/index.php\/tervezok\/\" class=\"\" rel=\"bookmark\">Read More &raquo;<span class=\"screen-reader-text\">Tervez\u0151k<\/span><\/a><\/p>\n","protected":false},"author":1,"featured_media":0,"parent":0,"menu_order":0,"comment_status":"closed","ping_status":"closed","template":"page-templates\/template-pagebuilder-full-width.php","meta":{"neve_meta_sidebar":"","neve_meta_container":"","neve_meta_enable_content_width":"","neve_meta_content_width":0,"neve_meta_title_alignment":"","neve_meta_author_avatar":"","neve_post_elements_order":"","neve_meta_disable_header":"","neve_meta_disable_footer":"","neve_meta_disable_title":"","footnotes":""},"yoast_head":"<!-- This site is optimized with the Yoast SEO plugin v21.9.1 - https:\/\/yoast.com\/wordpress\/plugins\/seo\/ -->\n<title>Tervez\u0151k - fesusepitesz<\/title>\n<meta name=\"robots\" content=\"index, follow, max-snippet:-1, max-image-preview:large, max-video-preview:-1\" \/>\n<link rel=\"canonical\" href=\"https:\/\/fesusepitesz.hu\/index.php\/tervezok\/\" \/>\n<meta property=\"og:locale\" content=\"en_US\" \/>\n<meta property=\"og:type\" content=\"article\" \/>\n<meta property=\"og:title\" content=\"Tervez\u0151k - fesusepitesz\" \/>\n<meta property=\"og:description\" content=\"Mez\u0151fi Di\u00e1na Okleveles tervez\u0151 \u00e9p\u00edt\u00e9szm\u00e9rn\u00f6k 2015-2017 Debreceni Egyetem M\u0171szaki Kar, Debrecen &#8211; Tervez\u0151 \u00e9p\u00edt\u00e9szm\u00e9rn\u00f6k MSc mesterszak2010-2014 Debreceni Egyetem M\u0171szaki Kar, Debrecen &#8211; \u00c9p\u00edt\u00e9szm\u00e9rn\u00f6ki BSc alapszak F\u00e9s\u00fcs P\u00e9ter Tulajdonos, \u00fcgyvezet\u0151, felel\u0151s tervez\u0151 okleveles \u00e9p\u00edt\u00e9szm\u00e9rn\u00f6k, n\u00edv\u00f3d\u00edjas \u00e9p\u00edt\u00e9sz\u00a0Kamarai sz\u00e1m: \u00c9-1 09-0137\u00a0&#8211; 1997 Budapesti M\u0171szaki Egyetem \u2013 okleveles \u00e9p\u00edt\u00e9szm\u00e9rn\u00f6k\u00a0&#8211; 1992 Ybl Mikl\u00f3s M\u0171szaki F\u0151iskola \u2013 magas\u00e9p\u00edt\u0151 \u00fczemm\u00e9rn\u00f6k\u00a0&#8211; 2008 \u00f3ta&hellip;&nbsp;Read More &raquo;Tervez\u0151k\" \/>\n<meta property=\"og:url\" content=\"https:\/\/fesusepitesz.hu\/index.php\/tervezok\/\" \/>\n<meta property=\"og:site_name\" content=\"fesusepitesz\" \/>\n<meta property=\"article:modified_time\" content=\"2024-01-25T14:45:53+00:00\" \/>\n<meta property=\"og:image\" content=\"http:\/\/fesusepitesz.hu\/wp-content\/uploads\/2023\/12\/Ceges_foto-1024x768.jpg\" \/>\n<meta name=\"twitter:card\" content=\"summary_large_image\" \/>\n<meta name=\"twitter:label1\" content=\"Est. reading time\" \/>\n\t<meta name=\"twitter:data1\" content=\"2 minutes\" \/>\n<script type=\"application\/ld+json\" class=\"yoast-schema-graph\">{\"@context\":\"https:\/\/schema.org\",\"@graph\":[{\"@type\":\"WebPage\",\"@id\":\"https:\/\/fesusepitesz.hu\/index.php\/tervezok\/\",\"url\":\"https:\/\/fesusepitesz.hu\/index.php\/tervezok\/\",\"name\":\"Tervez\u0151k - fesusepitesz\",\"isPartOf\":{\"@id\":\"https:\/\/fesusepitesz.hu\/#website\"},\"datePublished\":\"2023-10-10T19:30:31+00:00\",\"dateModified\":\"2024-01-25T14:45:53+00:00\",\"breadcrumb\":{\"@id\":\"https:\/\/fesusepitesz.hu\/index.php\/tervezok\/#breadcrumb\"},\"inLanguage\":\"en-US\",\"potentialAction\":[{\"@type\":\"ReadAction\",\"target\":[\"https:\/\/fesusepitesz.hu\/index.php\/tervezok\/\"]}]},{\"@type\":\"BreadcrumbList\",\"@id\":\"https:\/\/fesusepitesz.hu\/index.php\/tervezok\/#breadcrumb\",\"itemListElement\":[{\"@type\":\"ListItem\",\"position\":1,\"name\":\"Home\",\"item\":\"https:\/\/fesusepitesz.hu\/\"},{\"@type\":\"ListItem\",\"position\":2,\"name\":\"Tervez\u0151k\"}]},{\"@type\":\"WebSite\",\"@id\":\"https:\/\/fesusepitesz.hu\/#website\",\"url\":\"https:\/\/fesusepitesz.hu\/\",\"name\":\"F\u00e9s\u00fcs \u00e9p\u00edt\u00e9sz\",\"description\":\"\",\"potentialAction\":[{\"@type\":\"SearchAction\",\"target\":{\"@type\":\"EntryPoint\",\"urlTemplate\":\"https:\/\/fesusepitesz.hu\/?s={search_term_string}\"},\"query-input\":\"required name=search_term_string\"}],\"inLanguage\":\"en-US\"}]}<\/script>\n<!-- \/ Yoast SEO plugin. -->","yoast_head_json":{"title":"Tervez\u0151k - fesusepitesz","robots":{"index":"index","follow":"follow","max-snippet":"max-snippet:-1","max-image-preview":"max-image-preview:large","max-video-preview":"max-video-preview:-1"},"canonical":"https:\/\/fesusepitesz.hu\/index.php\/tervezok\/","og_locale":"en_US","og_type":"article","og_title":"Tervez\u0151k - fesusepitesz","og_description":"Mez\u0151fi Di\u00e1na Okleveles tervez\u0151 \u00e9p\u00edt\u00e9szm\u00e9rn\u00f6k 2015-2017 Debreceni Egyetem M\u0171szaki Kar, Debrecen &#8211; Tervez\u0151 \u00e9p\u00edt\u00e9szm\u00e9rn\u00f6k MSc mesterszak2010-2014 Debreceni Egyetem M\u0171szaki Kar, Debrecen &#8211; \u00c9p\u00edt\u00e9szm\u00e9rn\u00f6ki BSc alapszak F\u00e9s\u00fcs P\u00e9ter Tulajdonos, \u00fcgyvezet\u0151, felel\u0151s tervez\u0151 okleveles \u00e9p\u00edt\u00e9szm\u00e9rn\u00f6k, n\u00edv\u00f3d\u00edjas \u00e9p\u00edt\u00e9sz\u00a0Kamarai sz\u00e1m: \u00c9-1 09-0137\u00a0&#8211; 1997 Budapesti M\u0171szaki Egyetem \u2013 okleveles \u00e9p\u00edt\u00e9szm\u00e9rn\u00f6k\u00a0&#8211; 1992 Ybl Mikl\u00f3s M\u0171szaki F\u0151iskola \u2013 magas\u00e9p\u00edt\u0151 \u00fczemm\u00e9rn\u00f6k\u00a0&#8211; 2008 \u00f3ta&hellip;&nbsp;Read More &raquo;Tervez\u0151k","og_url":"https:\/\/fesusepitesz.hu\/index.php\/tervezok\/","og_site_name":"fesusepitesz","article_modified_time":"2024-01-25T14:45:53+00:00","og_image":[{"url":"http:\/\/fesusepitesz.hu\/wp-content\/uploads\/2023\/12\/Ceges_foto-1024x768.jpg"}],"twitter_card":"summary_large_image","twitter_misc":{"Est. reading time":"2 minutes"},"schema":{"@context":"https:\/\/schema.org","@graph":[{"@type":"WebPage","@id":"https:\/\/fesusepitesz.hu\/index.php\/tervezok\/","url":"https:\/\/fesusepitesz.hu\/index.php\/tervezok\/","name":"Tervez\u0151k - fesusepitesz","isPartOf":{"@id":"https:\/\/fesusepitesz.hu\/#website"},"datePublished":"2023-10-10T19:30:31+00:00","dateModified":"2024-01-25T14:45:53+00:00","breadcrumb":{"@id":"https:\/\/fesusepitesz.hu\/index.php\/tervezok\/#breadcrumb"},"inLanguage":"en-US","potentialAction":[{"@type":"ReadAction","target":["https:\/\/fesusepitesz.hu\/index.php\/tervezok\/"]}]},{"@type":"BreadcrumbList","@id":"https:\/\/fesusepitesz.hu\/index.php\/tervezok\/#breadcrumb","itemListElement":[{"@type":"ListItem","position":1,"name":"Home","item":"https:\/\/fesusepitesz.hu\/"},{"@type":"ListItem","position":2,"name":"Tervez\u0151k"}]},{"@type":"WebSite","@id":"https:\/\/fesusepitesz.hu\/#website","url":"https:\/\/fesusepitesz.hu\/","name":"F\u00e9s\u00fcs \u00e9p\u00edt\u00e9sz","description":"","potentialAction":[{"@type":"SearchAction","target":{"@type":"EntryPoint","urlTemplate":"https:\/\/fesusepitesz.hu\/?s={search_term_string}"},"query-input":"required name=search_term_string"}],"inLanguage":"en-US"}]}},"_links":{"self":[{"href":"https:\/\/fesusepitesz.hu\/index.php\/wp-json\/wp\/v2\/pages\/263"}],"collection":[{"href":"https:\/\/fesusepitesz.hu\/index.php\/wp-json\/wp\/v2\/pages"}],"about":[{"href":"https:\/\/fesusepitesz.hu\/index.php\/wp-json\/wp\/v2\/types\/page"}],"author":[{"embeddable":true,"href":"https:\/\/fesusepitesz.hu\/index.php\/wp-json\/wp\/v2\/users\/1"}],"replies":[{"embeddable":true,"href":"https:\/\/fesusepitesz.hu\/index.php\/wp-json\/wp\/v2\/comments?post=263"}],"version-history":[{"count":178,"href":"https:\/\/fesusepitesz.hu\/index.php\/wp-json\/wp\/v2\/pages\/263\/revisions"}],"predecessor-version":[{"id":2853,"href":"https:\/\/fesusepitesz.hu\/index.php\/wp-json\/wp\/v2\/pages\/263\/revisions\/2853"}],"wp:attachment":[{"href":"https:\/\/fesusepitesz.hu\/index.php\/wp-json\/wp\/v2\/media?parent=263"}],"curies":[{"name":"wp","href":"https:\/\/api.w.org\/{rel}","templated":true}]}}